{"id":3,"date":"2023-01-08T05:16:16","date_gmt":"2023-01-08T02:16:16","guid":{"rendered":"http:\/\/safeintel.hu\/?page_id=3"},"modified":"2025-03-18T16:20:57","modified_gmt":"2025-03-18T14:20:57","slug":"privacy-policy","status":"publish","type":"page","link":"https:\/\/safeintel.hu\/hu\/privacy-policy\/","title":{"rendered":"Adatv\u00e9delmi politika"},"content":{"rendered":"<div data-elementor-type=\"wp-page\" data-elementor-id=\"3\" class=\"elementor elementor-3\">\n\t\t\t\t\t\t\t\t\t<section class=\"elementor-section elementor-top-section elementor-element elementor-element-6778611d elementor-section-boxed elementor-section-height-default elementor-section-height-default\" data-id=\"6778611d\" data-element_type=\"section\">\n\t\t\t\t\t\t<div class=\"elementor-container elementor-column-gap-default\">\n\t\t\t\t\t<div class=\"elementor-column elementor-col-100 elementor-top-column elementor-element elementor-element-43bd9113\" data-id=\"43bd9113\" data-element_type=\"column\">\n\t\t\t<div class=\"elementor-widget-wrap elementor-element-populated\">\n\t\t\t\t\t\t\t\t<div class=\"elementor-element elementor-element-3abfb2c4 elementor-widget elementor-widget-text-editor\" data-id=\"3abfb2c4\" data-element_type=\"widget\" data-widget_type=\"text-editor.default\">\n\t\t\t\t<div class=\"elementor-widget-container\">\n\t\t\t<style>\/*! elementor - v3.10.2 - 29-01-2023 *\/\n.elementor-widget-text-editor.elementor-drop-cap-view-stacked .elementor-drop-cap{background-color:#818a91;color:#fff}.elementor-widget-text-editor.elementor-drop-cap-view-framed .elementor-drop-cap{color:#818a91;border:3px solid;background-color:transparent}.elementor-widget-text-editor:not(.elementor-drop-cap-view-default) .elementor-drop-cap{margin-top:8px}.elementor-widget-text-editor:not(.elementor-drop-cap-view-default) .elementor-drop-cap-letter{width:1em;height:1em}.elementor-widget-text-editor .elementor-drop-cap{float:left;text-align:center;line-height:1;font-size:50px}.elementor-widget-text-editor .elementor-drop-cap-letter{display:inline-block}<\/style>\t\t\t\t<h6>Adatv\u00e9delmi Szab\u00e1lyzat \u00e9s Szem\u00e9lyes Adatok Feldolgoz\u00e1sa (GDPR-nek megfelel\u0151en)<\/h6><p>\u00a0Utolj\u00e1ra friss\u00edtve: 2025.03.12<\/p><p>\u00a0Az IntelSpace Kft. (a tov\u00e1bbiakban: \u201eC\u00e9g\u201d, \u201emi\u201d, \u201eminket\u201d) elk\u00f6telezett az \u00d6n szem\u00e9lyes adatainak v\u00e9delme mellett az \u00c1ltal\u00e1nos Adatv\u00e9delmi Rendelet (GDPR, (EU) 2016\/679 rendelet) szerint.<\/p><p>\u00a0Ez az Adatv\u00e9delmi Szab\u00e1lyzat magyar\u00e1zza, hogy milyen adatokat gy\u0171jt\u00fcnk, hogyan haszn\u00e1ljuk fel, a feldolgoz\u00e1s jogalapj\u00e1t \u00e9s az \u00d6n jogait szem\u00e9lyes adataival kapcsolatban.<\/p><ol><li style=\"font-weight: 400;\"><h6>Milyen szem\u00e9lyes adatokat gy\u0171jt\u00fcnk? \u00a0 \u00a0 \u00a0 \u00a0 \u00a0 \u00a0 \u00a0 \u00a0 \u00a0 \u00a0 \u00a0 \u00a0 \u00a0 \u00a0 \u00a0 \u00a0 \u00a0 \u00a0 \u00a0 \u00a0 \u00a0 \u00a0 \u00a0 \u00a0 \u00a0 \u00a0\u00a0<\/h6><h5><span style=\"font-size: 16px;\">A k\u00f6vetkez\u0151 kateg\u00f3ri\u00e1j\u00fa szem\u00e9lyes adatokat gy\u0171jtj\u00fck:<\/span><\/h5><\/li><\/ol><ul><li style=\"font-weight: 400;\">Teljes n\u00e9v \u2013 a felhaszn\u00e1l\u00f3 azonos\u00edt\u00e1s\u00e1hoz<\/li><li style=\"font-weight: 400;\">E-mail c\u00edm \u2013 kommunik\u00e1ci\u00f3, marketing \u00e9s \u00e9rtes\u00edt\u00e9sek c\u00e9lj\u00e1b\u00f3l<\/li><li style=\"font-weight: 400;\">Telefonsz\u00e1m \u2013 kapcsolattart\u00e1s c\u00e9lj\u00e1b\u00f3l<\/li><li style=\"font-weight: 400;\">Sz\u00e1ll\u00edt\u00e1si c\u00edm \u2013 rendel\u00e9sek teljes\u00edt\u00e9s\u00e9hez<\/li><li style=\"font-weight: 400;\">Fizet\u00e9si inform\u00e1ci\u00f3k (n\u00e9v, sz\u00e1ml\u00e1z\u00e1si c\u00edm, fizet\u00e9si adatok) \u2013 fizet\u00e9sek feldolgoz\u00e1s\u00e1hoz \u00e9s sz\u00e1mlaki\u00e1ll\u00edt\u00e1shoz<\/li><li style=\"font-weight: 400;\">IP-c\u00edm \u00e9s technikai adatok \u2013 biztons\u00e1gi \u00e9s elemz\u00e9si c\u00e9lokra<\/li><li style=\"font-weight: 400;\">Cookie-k \u2013 weboldal funkcionalit\u00e1s \u00e9s elemz\u00e9s c\u00e9lj\u00e1b\u00f3l<\/li><\/ul><ol start=\"2\"><li style=\"font-weight: 400;\"><h6>Feldolgoz\u00e1s jogalapja<\/h6><\/li><\/ol><p>\u00a0 \u00a0 \u00a0 \u00a0 \u00a0 \u00a0 \u00a0A szem\u00e9lyes adatokat a GDPR 6. cikk (1) bekezd\u00e9se alapj\u00e1n dolgozzuk fel:<\/p><ul><li>Felhaszn\u00e1l\u00f3i hozz\u00e1j\u00e1rul\u00e1s (6. cikk (1) a GDPR) \u2013 p\u00e9ld\u00e1ul marketing e-mailekhez<\/li><li>Szerz\u0151d\u00e9s teljes\u00edt\u00e9se (6. cikk (1) b GDPR) \u2013 p\u00e9ld\u00e1ul rendel\u00e9sek teljes\u00edt\u00e9s\u00e9hez<\/li><li>Jogi k\u00f6telezetts\u00e9g (6. cikk (1) c GDPR) \u2013 p\u00e9ld\u00e1ul p\u00e9nz\u00fcgyi nyilv\u00e1ntart\u00e1sokhoz<\/li><li>Legitim \u00e9rdek (6. cikk (1) f GDPR) \u2013 p\u00e9ld\u00e1ul weboldal biztons\u00e1ga<\/li><\/ul><ol start=\"3\"><li style=\"font-weight: 400;\"><h6>Adatmeg\u0151rz\u00e9si id\u0151tartam<\/h6><\/li><\/ol><p>\u00a0 \u00a0 \u00a0 \u00a0 \u00a0 \u00a0 \u00a0A szem\u00e9lyes adatokat a k\u00f6vetkez\u0151 id\u0151tartamokig t\u00e1roljuk:<\/p><ul><li>Am\u00edg \u00d6n akt\u00edv vev\u0151 marad, vagy ameddig szerz\u0151d\u00e9ses k\u00f6telezetts\u00e9gek miatt sz\u00fcks\u00e9ges<\/li><li>A p\u00e9nz\u00fcgyi adatokat 8 \u00e9vig t\u00e1roljuk a magyar sz\u00e1mviteli t\u00f6rv\u00e9ny (2000. \u00e9vi C. t\u00f6rv\u00e9ny) szerint<\/li><li>A marketing feliratkoz\u00e1si adatokat a hozz\u00e1j\u00e1rul\u00e1s visszavon\u00e1s\u00e1ig<\/li><\/ul><ol start=\"4\"><li style=\"font-weight: 400;\"><h6>Adatokat tov\u00e1bb\u00edtunk az EU-n k\u00edv\u00fclre?<\/h6><\/li><\/ol><p>\u00a0 \u00a0 \u00a0 \u00a0 \u00a0 \u00a0 \u00a0 Nem osztjuk meg szem\u00e9lyes adatokat harmadik felekkel, kiv\u00e9ve a 10. szakaszban felsorolt szolg\u00e1ltat\u00f3kat, akik sz\u00fcks\u00e9gesek szolg\u00e1ltat\u00e1saink ny\u00fajt\u00e1s\u00e1hoz<\/p><p>\u00a0 Az adattov\u00e1bb\u00edt\u00e1s csak a k\u00f6vetkez\u0151 esetekben t\u00f6rt\u00e9nik:<\/p><ul><li>\u00a0Rendel\u00e9sek teljes\u00edt\u00e9se (p\u00e9ld\u00e1ul sz\u00e1ll\u00edt\u00e1si szolg\u00e1ltat\u00e1sok)<\/li><li>\u00a0Jogi k\u00f6telezetts\u00e9gek teljes\u00edt\u00e9se<\/li><li>\u00a0Az \u00d6n kifejezett hozz\u00e1j\u00e1rul\u00e1s\u00e1val<\/li><\/ul><h6>\u00a0Nemzetk\u00f6zi adattov\u00e1bb\u00edt\u00e1s:<\/h6><p>\u00a0Egyes szolg\u00e1ltat\u00f3k az EU-n k\u00edv\u00fcl dolgozhatnak fel adatokat. Ilyen esetekben betartj\u00e1k az EU-USA<\/p><p>\u00a0Adatv\u00e9delmi kereteket vagy a Szabv\u00e1nyos Szerz\u0151d\u00e9si Felt\u00e9teleket (SCCs).<\/p><h6>\u00a0Ilyen szolg\u00e1ltat\u00e1sok k\u00f6z\u00e9 tartoznak:<\/h6><ul><li>Google LLC (Google Analytics, Google Ads) \u2013 elemz\u00e9s \u00e9s marketing<\/li><li>Facebook Inc. (Meta Platforms, Inc.) \u2013 rekl\u00e1moz\u00e1s<\/li><li>MailChimp (The Rocket Science Group, LLC) \u2013 e-mail marketing<\/li><\/ul><h6>Tov\u00e1bbi inform\u00e1ci\u00f3\u00e9rt a harmadik f\u00e9lt\u0151l sz\u00e1rmaz\u00f3 cookie-kr\u00f3l l\u00e1togasson el ide:<\/h6><ul><li><a href=\"https:\/\/policies.google.com\/technologies\/cookies\">Google cookie t\u00edpusok<\/a><\/li><li><a href=\"https:\/\/support.google.com\/analytics\/answer\/6004245\">Google Analytics adatv\u00e9delem<\/a><\/li><\/ul><p><span style=\"font-size: 1.1em;\">\u00a0 \u00a0 \u00a0 \u00a0A hozz\u00e1j\u00e1rul\u00e1st b\u00e1rmikor visszavonhatja.<\/span><\/p><ol start=\"5\"><li style=\"font-weight: 400;\"><h6>Cookie-k \u00e9s lemond\u00e1si lehet\u0151s\u00e9gek<\/h6><\/li><\/ol><p>\u00a0 \u00a0 \u00a0 \u00a0Cookie-kat haszn\u00e1lunk a weboldal \u00e9lm\u00e9ny\u00e9nek jav\u00edt\u00e1s\u00e1hoz. Letilthatja a cookie-kat a b\u00f6ng\u00e9sz\u0151 be\u00e1ll\u00edt\u00e1sain kereszt\u00fcl, vagy kezelheti \u0151ket a cookie-be\u00e1ll\u00edt\u00e1sok panel\u00fcnk\u00f6n kereszt\u00fcl.<\/p><ol start=\"6\"><li style=\"font-weight: 400;\"><h6>Hogyan vonhatom vissza a hozz\u00e1j\u00e1rul\u00e1st?<\/h6><\/li><\/ol><p>\u00a0 \u00a0 \u00a0 \u00a0 \u00a0 \u00d6nnek joga van:<\/p><ul><li>Leiratkozhat a marketing e-mailekr\u0151l b\u00e1rmely e-mail l\u00e1bl\u00e9c\u00e9be<\/li><li>Letilthatja a cookie-kat a b\u00f6ng\u00e9sz\u0151 be\u00e1ll\u00edt\u00e1saiban<\/li><li>Adatt\u00f6rl\u00e9st k\u00e9rhet a kapcsolatfelv\u00e9teli adatainkon kereszt\u00fcl<\/li><\/ul><ol start=\"7\"><li style=\"font-weight: 400;\"><h6>Szem\u00e9lyes adatokkal kapcsolatos jogai<\/h6><\/li><\/ol><p>\u00a0 \u00a0 \u00a0 \u00a0 \u00a0 \u00a0\u00d6nnek joga van:\u00a0<\/p><ul><li>Hozz\u00e1f\u00e9rni az adataihoz<\/li><li>Pontatlan adatok helyesb\u00edt\u00e9s\u00e9t k\u00e9rni<\/li><li>T\u00f6rl\u00e9st k\u00e9rni (\u201eelfelejt\u00e9shez val\u00f3 jog\u201d)<\/li><li>A feldolgoz\u00e1s korl\u00e1toz\u00e1s\u00e1t k\u00e9rni<\/li><li>Adathordoz\u00e1st k\u00e9rni<\/li><li>Hozz\u00e1j\u00e1rul\u00e1s\u00e1t visszavonni<\/li><li><span style=\"font-size: 16px;\">A jogok gyakorl\u00e1s\u00e1hoz, bele\u00e9rtve az adatt\u00f6rl\u00e9si k\u00e9relmet, k\u00e9rj\u00fck, l\u00e9pjen kapcsolatba vel\u00fcnk a k\u00f6vetkez\u0151 c\u00edmen:<\/span><em style=\"font-size: 16px;\"> safeintel.hu@gmail.com<\/em><span style=\"font-size: 16px;\"> or by phone at <\/span><em style=\"font-size: 16px;\">+36 30 889 7004\u00a0<\/em><\/li><\/ul><p>\u00a0 \u00a0 \u00a0 8. \u00a0Data Security Measure<\/p><p><span style=\"font-size: 16px;\">\u00a0 \u00a0 \u00a0 \u00a0 \u00a0 \u00a0 \u00a0A k\u00f6vetkez\u0151ket haszn\u00e1ljuk:<\/span><\/p><ul><li>SSL titkos\u00edt\u00e1s<\/li><li>Jelsz\u00f3v\u00e9delem<\/li><li>T\u0171zfala<\/li><li>Korl\u00e1tozott adathozz\u00e1f\u00e9r\u00e9s<\/li><\/ul><p><span style=\"font-style: inherit;\">\u00a0 \u00a0 \u00a0 \u00a0 \u00a0 Adatv\u00e9delmi incidens eset\u00e9n \u00e9rtes\u00edtj\u00fck a hat\u00f3s\u00e1gokat \u00e9s az \u00e9rintett felhaszn\u00e1l\u00f3kat.<\/span><\/p><ol start=\"9\"><li style=\"font-weight: 400;\"><h6>Automatiz\u00e1lt d\u00f6nt\u00e9shozatal<\/h6><\/li><\/ol><p>\u00a0 \u00a0 \u00a0 \u00a0 \u00a0 We may use automated processing for personalized offers, but no legally \u00a0binding decisions are made without human involvement.<\/p><ol start=\"10\"><li style=\"font-weight: 400;\"><h6>Harmadik f\u00e9l szolg\u00e1ltat\u00f3k<\/h6><\/li><\/ol><ul><li style=\"font-weight: 400;\">Facebook (Meta Platforms, Inc.) \u2013 marketing<\/li><li>Google (Google LLC) \u2013 elemz\u00e9s<\/li><li>MailChimp (The Rocket Science Group, LLC) \u2013 e-mail marketing<\/li><li>Tawk.to \u2013 online chat<\/li><li>\u00a0Websupport.hu \u2013 t\u00e1rhelyszolg\u00e1ltat\u00e1s<\/li><li>GLS Hungary (General Logistics Systems Hungary Package Logistics Ltd.) \u2013 sz\u00e1ll\u00edt\u00e1si szolg\u00e1ltat\u00e1sok<\/li><li>Szamlazz.hu \u2013 fizet\u00e9sek feldolgoz\u00e1sa<\/li><\/ul><p>\u00a0 \u00a0 \u00a0 \u00a0 Mindezek a szolg\u00e1ltat\u00f3k megfelelnek a GDPR k\u00f6vetelm\u00e9nyeinek.<\/p><ol start=\"11\"><li style=\"font-weight: 400;\"><h6>Kapcsolatfelv\u00e9teli inform\u00e1ci\u00f3k<\/h6><\/li><\/ol><p>IntelSpace Kft.<br \/>C\u00edm: 1119 Budapest, Andor utca 21\/C-fszt.1a<br \/>Telefon: +36 30 889 7004<br \/>E-mail: safeintel.hu@gmail.com <a href=\"mailto:safeintel.hu@gmail.com\">safeintel.hu@gmail.com<\/a><\/p><p>Ha \u00fagy v\u00e9li, hogy jogait megs\u00e9rtett\u00e9k, panaszt ny\u00fajthat be a Magyar Nemzeti Adatv\u00e9delmi \u00e9s Inform\u00e1ci\u00f3szabads\u00e1g Hat\u00f3s\u00e1ghoz<a href=\"https:\/\/naih.hu\/\"> (NAIH)<\/a> vagy az Eur\u00f3pai Bizotts\u00e1ghoz.<\/p>\t\t\t\t\t\t<\/div>\n\t\t\t\t<\/div>\n\t\t\t\t\t<\/div>\n\t\t<\/div>\n\t\t\t\t\t\t\t<\/div>\n\t\t<\/section>\n\t\t\t\t\t\t\t<\/div>","protected":false},"excerpt":{"rendered":"<p>GDPR-Compliant Privacy Policy) \u00a0Last updated: 2025.03.12 \u00a0IntelSpace Kft. (hereinafter referred to as the &#8220;Company,&#8221; &#8220;we,&#8221; &#8220;us&#8221;) is committed to protecting your personal data in accordance with the General Data Protection Regulation (GDPR, Regulation (EU) 2016\/679). \u00a0This Privacy Policy explains what data we collect, how we use it, the legal basis for processing, and your rights &hellip;<\/p>\n<p class=\"read-more\"> <a class=\"\" href=\"https:\/\/safeintel.hu\/hu\/privacy-policy\/\"> <span class=\"screen-reader-text\">Adatv\u00e9delmi politika<\/span> Olvass tov\u00e1bb \u00bb<\/a><\/p>","protected":false},"author":1,"featured_media":0,"parent":0,"menu_order":0,"comment_status":"closed","ping_status":"closed","template":"","meta":{"site-sidebar-layout":"default","site-content-layout":"default","ast-global-header-display":"","ast-main-header-display":"","ast-hfb-above-header-display":"","ast-hfb-below-header-display":"","ast-hfb-mobile-header-display":"","site-post-title":"","ast-breadcrumbs-content":"","ast-featured-img":"","footer-sml-layout":"","theme-transparent-header-meta":"","adv-header-id-meta":"","stick-header-meta":"","header-above-stick-meta":"","header-main-stick-meta":"","header-below-stick-meta":"","_themeisle_gutenberg_block_has_review":false},"_links":{"self":[{"href":"https:\/\/safeintel.hu\/hu\/wp-json\/wp\/v2\/pages\/3"}],"collection":[{"href":"https:\/\/safeintel.hu\/hu\/wp-json\/wp\/v2\/pages"}],"about":[{"href":"https:\/\/safeintel.hu\/hu\/wp-json\/wp\/v2\/types\/page"}],"author":[{"embeddable":true,"href":"https:\/\/safeintel.hu\/hu\/wp-json\/wp\/v2\/users\/1"}],"replies":[{"embeddable":true,"href":"https:\/\/safeintel.hu\/hu\/wp-json\/wp\/v2\/comments?post=3"}],"version-history":[{"count":167,"href":"https:\/\/safeintel.hu\/hu\/wp-json\/wp\/v2\/pages\/3\/revisions"}],"predecessor-version":[{"id":5624,"href":"https:\/\/safeintel.hu\/hu\/wp-json\/wp\/v2\/pages\/3\/revisions\/5624"}],"wp:attachment":[{"href":"https:\/\/safeintel.hu\/hu\/wp-json\/wp\/v2\/media?parent=3"}],"curies":[{"name":"wp","href":"https:\/\/api.w.org\/{rel}","templated":true}]}}