{"id":2357,"date":"2023-01-13T21:10:04","date_gmt":"2023-01-13T18:10:04","guid":{"rendered":"https:\/\/safeintel.hu\/?post_type=product&#038;p=2357"},"modified":"2025-04-07T13:01:10","modified_gmt":"2025-04-07T11:01:10","slug":"ajax-hub-2-plus","status":"publish","type":"product","link":"https:\/\/safeintel.hu\/hu\/products\/ajax-hub-2-plus\/","title":{"rendered":"AJAX Hub 2 Plus"},"content":{"rendered":"<h2>Mindig kapcsolatban \u2014 k\u00e1beleken, Wi-Fi-n, LTE-n kereszt\u00fcl<\/h2>\n<p>A riaszt\u00f3vez\u00e9rl\u0151 panelek sz\u00e1m\u00e1ra l\u00e9tfontoss\u00e1g\u00fa a k\u00fcls\u0151 vil\u00e1ggal val\u00f3 kapcsolat. Ennek megb\u00edzhat\u00f3s\u00e1ga garant\u00e1lja a riaszt\u00e1si jelek gyors tov\u00e1bb\u00edt\u00e1s\u00e1t a Riaszt\u00e1sfogad\u00f3 K\u00f6zpontba \u00e9s a rendszer felhaszn\u00e1l\u00f3ihoz.<\/p>\n<p>A Hub 2 Plus abszol\u00fat stabilit\u00e1st biztos\u00edt a k\u00fcls\u0151 kommunik\u00e1ci\u00f3 ter\u00e9n. N\u00e9gy kommunik\u00e1ci\u00f3s csatorn\u00e1val rendelkezik, \u00e9s t\u00e1mogatja az LTE-t. Ez a konfigur\u00e1ci\u00f3 lehet\u0151v\u00e9 teszi az eszk\u00f6z csatlakoztat\u00e1s\u00e1t k\u00e9t k\u00fcl\u00f6n\u00e1ll\u00f3 internetszolg\u00e1ltat\u00f3hoz Etherneten \u00e9s Wi-Fi-n kereszt\u00fcl, mik\u00f6zben k\u00e9t mobilh\u00e1l\u00f3zati szolg\u00e1ltat\u00e1s \u00e1ll k\u00e9szen tartal\u00e9kk\u00e9nt. A csatorn\u00e1k k\u00f6z\u00f6tti v\u00e1lt\u00e1s z\u00f6kken\u0151mentesen, m\u00e1sodpercek alatt t\u00f6rt\u00e9nik.<\/p>\n<p><img decoding=\"async\" loading=\"lazy\" class=\"aligncenter wp-image-2366 size-full\" src=\"https:\/\/safeintel.hu\/wp-content\/uploads\/2023\/01\/hub_des_1.jpg\" alt=\"\" width=\"993\" height=\"544\" srcset=\"https:\/\/safeintel.hu\/wp-content\/uploads\/2023\/01\/hub_des_1.jpg 993w, https:\/\/safeintel.hu\/wp-content\/uploads\/2023\/01\/hub_des_1-420x230.jpg 420w, https:\/\/safeintel.hu\/wp-content\/uploads\/2023\/01\/hub_des_1-700x383.jpg 700w, https:\/\/safeintel.hu\/wp-content\/uploads\/2023\/01\/hub_des_1-300x164.jpg 300w, https:\/\/safeintel.hu\/wp-content\/uploads\/2023\/01\/hub_des_1-768x421.jpg 768w, https:\/\/safeintel.hu\/wp-content\/uploads\/2023\/01\/hub_des_1-18x10.jpg 18w\" sizes=\"(max-width: 993px) 100vw, 993px\" \/><\/p>\n<p>&nbsp;<\/p>\n<h2>Riaszt\u00e1s ellen\u0151rz\u00e9se fot\u00f3val 9 m\u00e1sodperc alatt<\/h2>\n<p>A fot\u00f3alap\u00fa ellen\u0151rz\u00e9s a biztons\u00e1gi ipar j\u00f6v\u0151je. Ez a technol\u00f3gia optim\u00e1lis megold\u00e1st k\u00edn\u00e1l mind kereskedelmi, mind lakoss\u00e1gi helyis\u00e9gek sz\u00e1m\u00e1ra \u2014 el\u00e9rhet\u0151 \u00e9s a mag\u00e1n\u00e9let tiszteletben tart\u00e1s\u00e1val lett kialak\u00edtva. A MotionCam \u00e9rz\u00e9kel\u0151k \u00e1ltal k\u00e9sz\u00edtett anim\u00e1lt fot\u00f3sorozatok lehet\u0151v\u00e9 teszik a felhaszn\u00e1l\u00f3k \u00e9s a k\u00f6zponti fel\u00fcgyeleti \u00e1llom\u00e1s (CMS) oper\u00e1torai sz\u00e1m\u00e1ra, hogy val\u00f3s id\u0151ben \u00e9rt\u00e9kelj\u00e9k a helyzetet. A kamer\u00e1k azonban kiz\u00e1r\u00f3lag riaszt\u00e1sokra reag\u00e1lva aktiv\u00e1l\u00f3dnak, soha nem k\u00e9r\u00e9sre.<\/p>\n<p>A Hub 2 Plus ak\u00e1r 200 MotionCam \u00e9rz\u00e9kel\u0151t is k\u00e9pes kezelni, \u00e9s mind\u00f6ssze 9 m\u00e1sodperc alatt tov\u00e1bb\u00edtja a riaszt\u00e1sok fot\u00f3s meger\u0151s\u00edt\u00e9s\u00e9t a felhaszn\u00e1l\u00f3khoz \u00e9s a riaszt\u00e1sfigyel\u0151 c\u00e9gekhez, m\u00e9g akkor is, ha kommunik\u00e1ci\u00f3ra SIM-k\u00e1rty\u00e1kat haszn\u00e1l. Mindez az LTE t\u00e1mogat\u00e1snak k\u00f6sz\u00f6nhet\u0151en.<\/p>\n<ol>\n<li>Mozg\u00e1s \u00e9szlelve<\/li>\n<li>Riaszt\u00e1s aktiv\u00e1lva<\/li>\n<li>Helyzet r\u00f6gz\u00edtve<\/li>\n<\/ol>\n<p><video class=\"\" style=\"max-width: 100%;\" tabindex=\"0\" autoplay=\"autoplay\" loop=\"loop\" muted=\"\" width=\"100%\"><span data-mce-type=\"bookmark\" style=\"display: inline-block; width: 0px; overflow: hidden; line-height: 0;\" class=\"mce_SELRES_start\"><\/span><source data-src=\"https:\/\/ajax.systems\/wp-content\/themes\/ajax\/assets\/images\/template\/product\/motioncam\/motioncam.mp4\" type=\"video\/mp4\" src=\"https:\/\/ajax.systems\/wp-content\/themes\/ajax\/assets\/images\/template\/product\/motioncam\/motioncam.mp4\" \/><\/video><\/p>\n<p>&nbsp;<\/p>\n<h2>Automatiz\u00e1lt biztons\u00e1g<\/h2>\n<p>A Hub 2 Plus 64 forgat\u00f3k\u00f6nyvet t\u00e1mogat, amelyek minimaliz\u00e1lj\u00e1k az emberi beavatkoz\u00e1st egy helysz\u00edn biztons\u00e1g\u00e1nak biztos\u00edt\u00e1s\u00e1ban. A rendszer automatikusan \u00e9les\u00edtheti \u00e9s hat\u00e1stalan\u00edthatja az eg\u00e9sz biztons\u00e1gi rendszert vagy bizonyos csoportokat id\u0151z\u00edt\u00e9s alapj\u00e1n. Emellett azonnal aktiv\u00e1lhat egy f\u00fcstbiztons\u00e1gi g\u00e9pet bet\u00f6r\u00e9s eset\u00e9n, megszak\u00edthatja az \u00e1ramell\u00e1t\u00e1st \u00e9s bekapcsolhatja a v\u00e9szvil\u00e1g\u00edt\u00e1st t\u0171z eset\u00e9n, vagy elz\u00e1rhatja a vizet sziv\u00e1rg\u00e1s eset\u00e9n. Automatiz\u00e1l\u00e1si eszk\u00f6z\u00f6kkel a Hub 2 Plus k\u00e9pes vez\u00e9relni a vil\u00e1g\u00edt\u00e1st, az elektromos z\u00e1rakat \u00e9s a red\u0151ny\u00f6ket. A forgat\u00f3k\u00f6nyvek aktiv\u00e1lhat\u00f3k a biztons\u00e1gi m\u00f3d v\u00e1ltoz\u00e1saira, riaszt\u00e1sok kiv\u00e1lt\u00e1s\u00e1ra vagy Button parancsokra reag\u00e1lva.<\/p>\n<ul>\n<li>V\u00edzsziv\u00e1rg\u00e1s elleni rendszer<\/li>\n<li>Automata ajt\u00f3k \u00e9s red\u0151ny\u00f6k<\/li>\n<li>Reflektorf\u00e9ny a behatol\u00f3kra<\/li>\n<\/ul>\n<p>&nbsp;<\/p>\n<h2>Nagym\u00e9ret\u0171, \u00f6sszetett bels\u0151 elrendez\u00e9s\u0171 helysz\u00ednek v\u00e9delme<\/h2>\n<p>\u00dczleti k\u00f6zpontok, gy\u00e1rak \u00e9s t\u00f6bbemeletes vill\u00e1k mell\u00e9k\u00e9p\u00fcletekkel \u2014 a Hub 2 Plus k\u00e9szen \u00e1ll a legbonyolultabb ingatlanok v\u00e9delm\u00e9re is. Az \u00faj k\u00f6zpont ak\u00e1r 200 eszk\u00f6zt is k\u00e9pes ir\u00e1ny\u00edtani. R\u00e1di\u00f3jel\u00e9nek hat\u00f3t\u00e1vols\u00e1ga el\u00e9rheti a 2 000 m\u00e9tert, m\u00edg a maxim\u00e1lis r\u00e1di\u00f3h\u00e1l\u00f3zati lefedetts\u00e9g 35 km\u00b2 lehet. A Hub 2 Plus 25 biztons\u00e1gi csoportot kezelhet, \u00f6sszesen 200 felhaszn\u00e1l\u00f3val. Ez lehet\u0151v\u00e9 teszi a biztons\u00e1gi szem\u00e9lyzet sz\u00e1m\u00e1ra, hogy a nagyobb ter\u00fcleteket z\u00f3n\u00e1kra ossza, \u00e9s egy\u00e9rtelm\u0171en megszervezze a szem\u00e9lyzet hozz\u00e1f\u00e9r\u00e9s\u00e9t.<\/p>\n<ul>\n<li>25 biztons\u00e1gi csoport<\/li>\n<li>200 felhaszn\u00e1l\u00f3<\/li>\n<li>200 eszk\u00f6z a rendszerben<\/li>\n<li>35 km\u00b2 maxim\u00e1lis r\u00e1di\u00f3h\u00e1l\u00f3zati lefedetts\u00e9g 5 ReX-szel<\/li>\n<\/ul>\n<p><video class=\"\" style=\"max-width: 100%;\" tabindex=\"0\" autoplay=\"autoplay\" loop=\"loop\" muted=\"\" width=\"100%\"><source data-src=\"https:\/\/ajax.systems\/wp-content\/themes\/ajax\/assets\/images\/template\/product\/hub2-plus\/rex.mp4\" type=\"video\/mp4\" src=\"https:\/\/ajax.systems\/wp-content\/themes\/ajax\/assets\/images\/template\/product\/hub2-plus\/rex.mp4\" \/><\/video><\/p>\n<h2>Ellen\u00e1ll a szabot\u00e1zsnak<\/h2>\n<p>B\u00e1rmi t\u00f6rt\u00e9njen is a Hub 2 Plus-szal, a riaszt\u00e1sfigyel\u0151 c\u00e9g \u00e9s a felhaszn\u00e1l\u00f3k \u00e9rtes\u00edt\u00e9st kapnak r\u00f3la. A szabot\u00e1zsjelz\u00e9s aktiv\u00e1l\u00f3dik, ha behatol\u00f3k megpr\u00f3b\u00e1lj\u00e1k leszerelni az eszk\u00f6zt. Ha az Ajax Cloud szerver elvesz\u00edti a kapcsolatot a k\u00f6zponttal, mind\u00f6ssze 60 m\u00e1sodperc alatt \u00e9rtes\u00edt\u00e9st k\u00fcld, k\u00f6sz\u00f6nhet\u0151en a r\u00f6vid ping intervallumoknak. \u00c1ramsz\u00fcnet eset\u00e9n is a Hub 2 Plus ak\u00e1r 15 \u00f3r\u00e1n kereszt\u00fcl k\u00e9pes v\u00e9deni a helysz\u00ednt a be\u00e9p\u00edtett tartal\u00e9k akkumul\u00e1tor seg\u00edts\u00e9g\u00e9vel.<\/p>\n<ul>\n<li>Eszk\u00f6zlek\u00e9rdez\u00e9si id\u0151szak: 12 m\u00e1sodperct\u0151l<\/li>\n<li>Kapcsolatveszt\u00e9s \u00e9szlel\u00e9se a k\u00f6zponttal: 60 m\u00e1sodperc alatt<\/li>\n<li>M\u0171k\u00f6d\u00e9s tartal\u00e9k akkumul\u00e1torr\u00f3l: ak\u00e1r 15 \u00f3r\u00e1n kereszt\u00fcl<\/li>\n<\/ul>\n<p><img decoding=\"async\" loading=\"lazy\" class=\"aligncenter wp-image-2367 size-full\" src=\"https:\/\/safeintel.hu\/wp-content\/uploads\/2023\/01\/hub_des_2.jpg\" alt=\"\" width=\"993\" height=\"544\" srcset=\"https:\/\/safeintel.hu\/wp-content\/uploads\/2023\/01\/hub_des_2.jpg 993w, https:\/\/safeintel.hu\/wp-content\/uploads\/2023\/01\/hub_des_2-420x230.jpg 420w, https:\/\/safeintel.hu\/wp-content\/uploads\/2023\/01\/hub_des_2-700x383.jpg 700w, https:\/\/safeintel.hu\/wp-content\/uploads\/2023\/01\/hub_des_2-300x164.jpg 300w, https:\/\/safeintel.hu\/wp-content\/uploads\/2023\/01\/hub_des_2-768x421.jpg 768w, https:\/\/safeintel.hu\/wp-content\/uploads\/2023\/01\/hub_des_2-18x10.jpg 18w\" sizes=\"(max-width: 993px) 100vw, 993px\" \/><\/p>\n<p>&nbsp;<\/p>\n<h2>Telep\u00edt\u00e9s \u00e9s be\u00e1ll\u00edt\u00e1s<\/h2>\n<p>Az eszk\u00f6z azonnal haszn\u00e1latra k\u00e9sz a kicsomagol\u00e1s ut\u00e1n. A be\u00e1ll\u00edt\u00e1s a mobilalkalmaz\u00e1son kereszt\u00fcl t\u00f6rt\u00e9nik, a detektorok pedig egyetlen kattint\u00e1ssal csatlakoztathat\u00f3k. A SmartBracket r\u00f6gz\u00edt\u0151 seg\u00edts\u00e9g\u00e9vel n\u00e9h\u00e1ny perc alatt felszerelhet\u0151.<\/p>\n<p><img decoding=\"async\" loading=\"lazy\" class=\"aligncenter wp-image-2368 size-full\" src=\"https:\/\/safeintel.hu\/wp-content\/uploads\/2023\/01\/hub_des_3.jpg\" alt=\"\" width=\"993\" height=\"544\" srcset=\"https:\/\/safeintel.hu\/wp-content\/uploads\/2023\/01\/hub_des_3.jpg 993w, https:\/\/safeintel.hu\/wp-content\/uploads\/2023\/01\/hub_des_3-420x230.jpg 420w, https:\/\/safeintel.hu\/wp-content\/uploads\/2023\/01\/hub_des_3-700x383.jpg 700w, https:\/\/safeintel.hu\/wp-content\/uploads\/2023\/01\/hub_des_3-300x164.jpg 300w, https:\/\/safeintel.hu\/wp-content\/uploads\/2023\/01\/hub_des_3-768x421.jpg 768w, https:\/\/safeintel.hu\/wp-content\/uploads\/2023\/01\/hub_des_3-18x10.jpg 18w\" sizes=\"(max-width: 993px) 100vw, 993px\" \/><\/p>","protected":false},"excerpt":{"rendered":"<p>A Hub intelligens vez\u00e9rl\u0151panel az Ajax biztons\u00e1gi rendszer kulcseleme. Az eszk\u00f6z figyeli az \u00f6sszes Ajax \u00e9rz\u00e9kel\u0151 m\u0171k\u00f6d\u00e9s\u00e9t, \u00e9s azonnal riaszt\u00e1st k\u00fcld a tulajdonosnak \u00e9s a K\u00f6zponti Fel\u00fcgyeleti \u00c1llom\u00e1snak.<\/p>","protected":false},"featured_media":2362,"comment_status":"open","ping_status":"closed","template":"","meta":{"site-sidebar-layout":"default","site-content-layout":"default","ast-global-header-display":"","ast-main-header-display":"","ast-hfb-above-header-display":"","ast-hfb-below-header-display":"","ast-hfb-mobile-header-display":"","site-post-title":"","ast-breadcrumbs-content":"","ast-featured-img":"","footer-sml-layout":"","theme-transparent-header-meta":"default","adv-header-id-meta":"","stick-header-meta":"default","header-above-stick-meta":"","header-main-stick-meta":"","header-below-stick-meta":"","_themeisle_gutenberg_block_has_review":false},"product_cat":[95,96,97,98],"product_tag":[],"_links":{"self":[{"href":"https:\/\/safeintel.hu\/hu\/wp-json\/wp\/v2\/product\/2357"}],"collection":[{"href":"https:\/\/safeintel.hu\/hu\/wp-json\/wp\/v2\/product"}],"about":[{"href":"https:\/\/safeintel.hu\/hu\/wp-json\/wp\/v2\/types\/product"}],"replies":[{"embeddable":true,"href":"https:\/\/safeintel.hu\/hu\/wp-json\/wp\/v2\/comments?post=2357"}],"wp:featuredmedia":[{"embeddable":true,"href":"https:\/\/safeintel.hu\/hu\/wp-json\/wp\/v2\/media\/2362"}],"wp:attachment":[{"href":"https:\/\/safeintel.hu\/hu\/wp-json\/wp\/v2\/media?parent=2357"}],"wp:term":[{"taxonomy":"product_cat","embeddable":true,"href":"https:\/\/safeintel.hu\/hu\/wp-json\/wp\/v2\/product_cat?post=2357"},{"taxonomy":"product_tag","embeddable":true,"href":"https:\/\/safeintel.hu\/hu\/wp-json\/wp\/v2\/product_tag?post=2357"}],"curies":[{"name":"wp","href":"https:\/\/api.w.org\/{rel}","templated":true}]}}